{"id":3958,"date":"2023-02-27T09:19:58","date_gmt":"2023-02-27T08:19:58","guid":{"rendered":"https:\/\/pssplock.pl\/?page_id=3958"},"modified":"2026-02-24T13:02:28","modified_gmt":"2026-02-24T12:02:28","slug":"klub-emeryta-i-rencisty-przy-pss-zgoda-w-plocku","status":"publish","type":"page","link":"https:\/\/pssplock.pl\/index.php\/klub-emeryta-i-rencisty-przy-pss-zgoda-w-plocku\/","title":{"rendered":"Ko\u0142o Emeryt\u00f3w Rencist\u00f3w i Inwalid\u00f3w przy ,,Spo\u0142em&#8221; PSS ,,Zgoda&#8221; w P\u0142ocku"},"content":{"rendered":"\n<p class=\"has-text-align-center\"><strong><em><mark style=\"background-color:rgba(0, 0, 0, 0)\" class=\"has-inline-color has-vivid-red-color\">W imieniu Zarz\u0105du Ko\u0142a Emeryt\u00f3w Rencist\u00f3w i Inwalid\u00f3w przy PSS Zgoda w P\u0142ocku \u017cyczymy aby przez kolejne lata dzia\u0142alno\u015bci towarzyszy\u0142o nam wszystkim zdrowie i duma z pracy tych, kt\u00f3rzy poprzez swoj\u0105 postaw\u0119 i pasj\u0119 popularyzowali i popularyzuj\u0105 tradycj\u0119 i kultur\u0119 swojej ,,Ma\u0142ej Ojczyzny&#8221;<\/mark><\/em><\/strong><\/p>\n\n\n\n<p><\/p>\n\n\n\n<blockquote class=\"wp-block-quote has-text-align-center has-vivid-cyan-blue-color has-text-color has-medium-font-size is-layout-flow wp-block-quote-is-layout-flow\">\n<p>Oddzia\u0142 Okr\u0119gowy Polskiego Zwi\u0105zku Emeryt\u00f3w Rencist\u00f3w i Inwalid\u00f3w w P\u0142ocku od pocz\u0105tku swej dzia\u0142alno\u015bci (1968 r) koncentruje si\u0119 na dzia\u0142aniach kulturalnych, edukacyjnych, wypoczynkowych, turystycznych, socjalnych i wydawniczo &#8211; informacyjnych. Mobilizuje senior\u00f3w do prowadzenia aktywnego trybu \u017cycia, podejmowania wyzwa\u0144 i rozwijania zainteresowa\u0144.<\/p>\n<\/blockquote>\n\n\n\n<p>Ju\u017c od p\u00f3\u0142wiecza z ogromnym powodzeniem dzia\u0142a na rzecz poprawy jako\u015bci \u017cycia os\u00f3b starszych, przeciwdzia\u0142aniu ich izolacji i marginalizacji.<\/p>\n\n\n\n<p>Okr\u0119g p\u0142ocki obejmuje wi\u0119kszo\u015b\u0107 p\u00f3\u0142nocnego Mazowsza z Oddzia\u0142ami Rejonowymi w Sierpcu, M\u0142awie, Przasnyszu, Ostro\u0142\u0119ce, Makowie Mazowieckim, P\u0142o\u0144sku, Ciechanowie i Pu\u0142tusku, a ponadto Oddzia\u0142y Rejonowe w Kutnie i \u0141\u0119czycy. Bezpo\u015brednio podlegaj\u0105 im r\u00f3wnie\u017c 24 Ko\u0142a terenowe i \u015brodowiskowe dzia\u0142aj\u0105ce w P\u0142ocku i powiecie p\u0142ockim.<\/p>\n\n\n\n<p><mark style=\"background-color:rgba(0, 0, 0, 0)\" class=\"has-inline-color has-vivid-red-color\">Ko\u0142o nr 28 dzia\u0142a przy Spo\u0142em PSS Zgoda w P\u0142ocku od 1974 roku.<\/mark><\/p>\n\n\n\n<p>Wszyscy cz\u0142onkowie naszego Ko\u0142a nale\u017c\u0105 do Okr\u0119gowego Polskiego Zwi\u0105zku Emeryt\u00f3w Rencist\u00f3w i Inwalid\u00f3w w P\u0142ocku i mog\u0105 korzysta\u0107 z atrakcji jakie on oferuje, s\u0105 to: wycieczki krajowe i zagraniczne, jednodniowe i kilkudniowe, wczasy krajowe i zagraniczne, wieczorki taneczne, Przegl\u0105dy Amatorskiej Tw\u00f3rczo\u015bci Literackiej Senior\u00f3w i wiele innych.<\/p>\n\n\n\n<p><br>Cz\u0142onkami Ko\u0142a nr 28 przy Spo\u0142em PSS ,,Zgoda\u201d s\u0105 byli pracownicy, a obecnie emeryci i renci\u015bci, w 2023 r. posiadamy 84 cz\u0142onk\u00f3w.<\/p>\n\n\n\n<p>Celem funkcjonowania Ko\u0142a jest prowadzenie wsp\u00f3lnej dzia\u0142alno\u015bci na rzecz naszych cz\u0142onk\u00f3w, poprzez wspieranie najbardziej potrzebuj\u0105cych (po\u017cyczki, zapomogi), organizowanie wycieczek i r\u00f3\u017cnego rodzaju wyjazd\u00f3w, wsp\u00f3lne sp\u0119dzanie aktywnie czasu.<\/p>\n\n\n\n<p><mark style=\"background-color:rgba(0, 0, 0, 0)\" class=\"has-inline-color has-vivid-red-color\">Zarz\u0105d Ko\u0142a Nr 28 przy PSS ,,Zgoda\u201d, od 2022 roku<\/mark><\/p>\n\n\n\n<ul class=\"wp-block-list\">\n<li>Przewodnicz\u0105ca &#8211; Bogucka Ewa<\/li>\n\n\n\n<li>Z-ca przewodnicz\u0105cej &#8211; Kozakiewicz Marianna<\/li>\n\n\n\n<li>Skarbnik &#8211; S\u0142abowska Krystyna<\/li>\n\n\n\n<li>Sekretarz &#8211; B\u0119tlejewska Krystyna<\/li>\n\n\n\n<li>Cz\u0142onkowie Zarz\u0105du:<\/li>\n\n\n\n<li>Kronikarz &#8211; S\u0142abowska Krystyna<\/li>\n\n\n\n<li>Dobrowolski Zbigniew<\/li>\n<\/ul>\n\n\n\n<p class=\"has-text-align-center\"><\/p>\n\n\n\n<p class=\"has-text-align-center\"><mark style=\"background-color:rgba(0, 0, 0, 0)\" class=\"has-inline-color has-vivid-red-color\"><strong>WYCIECZKI<\/strong><\/mark> <strong><mark style=\"background-color:rgba(0, 0, 0, 0)\" class=\"has-inline-color has-vivid-red-color\">2026<\/mark><\/strong><\/p>\n\n\n\n<p><strong>W dniach od 7 do 11 wrze\u015bnia organizowany jest wyjazd na Podlasie.<\/strong><\/p>\n\n\n\n<p><strong>Koszt wyjazdu to 1500z\u0142 dla wszystkich ch\u0119tnych na wyjazd.<\/strong><\/p>\n\n\n\n<p>W tym:<\/p>\n\n\n\n<p>1. Koszty zakwaterowania w hotelu Turkus w Bia\u0142ymstoku.<\/p>\n\n\n\n<p>2. Koszty przejazdu z P\u0142ocka do Bia\u0142egostoku i obwo\u017cenie po poszczeg\u00f3lnych miejscach zwiedzania.<\/p>\n\n\n\n<p>3. Koszty us\u0142ugi przewodnika.<\/p>\n\n\n\n<p>4. Koszty bilet\u00f3w wej\u015b\u0107 do poszczeg\u00f3lnych atrakcji.<\/p>\n\n\n\n<p>5. Koszty ubezpieczenia uczestnik\u00f3w wycieczki.<\/p>\n\n\n\n<p>6. Koszty parking\u00f3w.<\/p>\n\n\n\n<p>7. Koszty \u015bniada\u0144 i obiadokolacji<\/p>\n\n\n\n<p>Zapisy i wp\u0142aty zaliczki w kwocie 500z\u0142 do ko\u0144ca marca( do ko\u0144ca marca musz\u0119 zap\u0142aci\u0107 zaliczk\u0119 w hotelu).<\/p>\n\n\n\n<p>Emeryci z PSS\u201d Zgoda, mog\u0105 otrzyma\u0107 dofinansowanie z F\u015aS w kwocie 350z\u0142 lub380z\u0142.&nbsp;&nbsp;<\/p>\n\n\n\n<p>( w zale\u017cno\u015bci od dochod\u00f3w).osoby obce koszt wynosi <strong>1500z<\/strong>\u0142, (bez \u017cadnych ulg.)<\/p>\n\n\n\n<p><strong>PROGRAM WYCIECZKI:<\/strong><\/p>\n\n\n\n<p>&#8211; spotkanie z przewodnikiem w \u0141om\u017cy przejazd i zwiedzanie Skansenu Kurpiowskiego w&nbsp; Nowogrodzie<\/p>\n\n\n\n<p>&#8211; Pomnik w Jedwabnym<\/p>\n\n\n\n<p>&#8211; G\u00f3ra Str\u0119kowa<\/p>\n\n\n\n<p>&#8211; Spacer przez Puszcz\u0119 B\u0142udowsk\u0105 z pochodniami<\/p>\n\n\n\n<p>-Puszcza Knyszy\u0144ska, zwiedzanie Zagrody Pokazowej \u017bubr\u00f3w w Kopnej G\u00f3rze<\/p>\n\n\n\n<p>&#8211; Zwiedzanie Meczetu w Kruszynianach<\/p>\n\n\n\n<p>&#8211; Spacer po Bia\u0142ymstoku, Pa\u0142ac Branickich<\/p>\n\n\n\n<p>&#8211; Muzeum Medycyny i Farmacji<\/p>\n\n\n\n<p>&#8211; Spacer po Krainie Otwartych okiennic wie\u015b Trze\u015bcianka<\/p>\n\n\n\n<p>&#8211; Drewniane chaty<\/p>\n\n\n\n<p>&#8211; Zwiedzanie miejscowo\u015bci Soce, Puch\u0142y<\/p>\n\n\n\n<p>&#8211; Cerkiew w Puch\u0142ach zabytek z XIX wieku<\/p>\n\n\n\n<p>&#8211; Zamek w Tykocinie, Wielka Synagoga<\/p>\n\n\n\n<p>&#8211; Muzeum Przyrodniczo-Le\u015bne, Park Narodowy ,Bia\u0142owie\u017ca<\/p>\n\n\n\n<p>&#8211; Spacer po Sitawce ,malowid\u0142a ,murale<\/p>\n\n\n\n<p>&#8211; Rejs Kana\u0142em Augustowskim, \u015bluzy, mosty, obraz Suwalszczyzny<\/p>\n\n\n\n<p>&#8211; Zwiedzanie Sanktuarium w Studzieniczej<\/p>\n\n\n\n<p>Program mo\u017ce ulec przebudowie, poprawie, do\u0142o\u017ceniu czego\u015b fajnego i wartego obejrzenia, punkty zwiedzania napisane s\u0105 co b\u0119dziemy zwiedza\u0107 w ci\u0105gu pobytu a kolejno\u015b\u0107 realizacji b\u0119dzie uzgadniana na bie\u017c\u0105co.<\/p>\n\n\n\n<p>Osoby zainteresowane wyjazdem proszone s\u0105 o zg\u0142aszanie si\u0119 do: <strong>Krystyna S\u0142abowska tel.607 718 021<\/strong><\/p>\n\n\n\n<div style=\"height:40px\" aria-hidden=\"true\" class=\"wp-block-spacer\"><\/div>\n\n\n\n<hr class=\"wp-block-separator has-alpha-channel-opacity is-style-wide\"\/>\n\n\n\n<p class=\"has-text-align-center has-vivid-red-color has-text-color has-large-font-size\"><strong>Wydarzenia<\/strong><\/p>\n\n\n\n<p><ul class=\"display-posts-listing\"><li class=\"listing-item\"><a class=\"image\" href=\"https:\/\/pssplock.pl\/index.php\/2026\/01\/05\/spotkanie-wigilijne-kola-emerytow-i-rencistow-przy-spolem-pss-zgoda-w-plocku-16-12-2025\/\"><img loading=\"lazy\" decoding=\"async\" width=\"525\" height=\"296\" src=\"https:\/\/pssplock.pl\/wp-content\/uploads\/2026\/01\/20251216_130501-1024x577.jpg\" class=\"attachment-large size-large wp-post-image\" alt=\"\" srcset=\"https:\/\/pssplock.pl\/wp-content\/uploads\/2026\/01\/20251216_130501-1024x577.jpg 1024w, https:\/\/pssplock.pl\/wp-content\/uploads\/2026\/01\/20251216_130501-300x169.jpg 300w, https:\/\/pssplock.pl\/wp-content\/uploads\/2026\/01\/20251216_130501-768x432.jpg 768w, https:\/\/pssplock.pl\/wp-content\/uploads\/2026\/01\/20251216_130501-1536x865.jpg 1536w, https:\/\/pssplock.pl\/wp-content\/uploads\/2026\/01\/20251216_130501-2048x1153.jpg 2048w\" sizes=\"auto, 100vw\" \/><\/a> <a class=\"title\" href=\"https:\/\/pssplock.pl\/index.php\/2026\/01\/05\/spotkanie-wigilijne-kola-emerytow-i-rencistow-przy-spolem-pss-zgoda-w-plocku-16-12-2025\/\">Spotkanie Wigilijne Ko\u0142a Emeryt\u00f3w i Rencist\u00f3w przy Spo\u0142em PSS Zgoda w P\u0142ocku 16.12.2025<\/a> <span class=\"excerpt-dash\">-<\/span> <span class=\"excerpt\"><\/span><\/li><li class=\"listing-item\"><a class=\"image\" href=\"https:\/\/pssplock.pl\/index.php\/2025\/11\/21\/mazury-14-18-09-2025\/\"><img loading=\"lazy\" decoding=\"async\" width=\"525\" height=\"394\" src=\"https:\/\/pssplock.pl\/wp-content\/uploads\/2025\/11\/20250917_120510-1024x768.jpg\" class=\"attachment-large size-large wp-post-image\" alt=\"\" srcset=\"https:\/\/pssplock.pl\/wp-content\/uploads\/2025\/11\/20250917_120510-1024x768.jpg 1024w, https:\/\/pssplock.pl\/wp-content\/uploads\/2025\/11\/20250917_120510-300x225.jpg 300w, https:\/\/pssplock.pl\/wp-content\/uploads\/2025\/11\/20250917_120510-768x576.jpg 768w, https:\/\/pssplock.pl\/wp-content\/uploads\/2025\/11\/20250917_120510-1536x1152.jpg 1536w, https:\/\/pssplock.pl\/wp-content\/uploads\/2025\/11\/20250917_120510-2048x1536.jpg 2048w\" sizes=\"auto, 100vw\" \/><\/a> <a class=\"title\" href=\"https:\/\/pssplock.pl\/index.php\/2025\/11\/21\/mazury-14-18-09-2025\/\">Mazury 14-18.09.2025<\/a> <span class=\"excerpt-dash\">-<\/span> <span class=\"excerpt\"><\/span><\/li><li class=\"listing-item\"><a class=\"image\" href=\"https:\/\/pssplock.pl\/index.php\/2024\/12\/18\/spotkanie-wigilijne-kola-17-12-2024\/\"><img loading=\"lazy\" decoding=\"async\" width=\"525\" height=\"296\" src=\"https:\/\/pssplock.pl\/wp-content\/uploads\/2024\/12\/20241217_140547-1024x577.jpg\" class=\"attachment-large size-large wp-post-image\" alt=\"\" srcset=\"https:\/\/pssplock.pl\/wp-content\/uploads\/2024\/12\/20241217_140547-1024x577.jpg 1024w, https:\/\/pssplock.pl\/wp-content\/uploads\/2024\/12\/20241217_140547-300x169.jpg 300w, https:\/\/pssplock.pl\/wp-content\/uploads\/2024\/12\/20241217_140547-768x432.jpg 768w, https:\/\/pssplock.pl\/wp-content\/uploads\/2024\/12\/20241217_140547-1536x865.jpg 1536w, https:\/\/pssplock.pl\/wp-content\/uploads\/2024\/12\/20241217_140547.jpg 2000w\" sizes=\"auto, 100vw\" \/><\/a> <a class=\"title\" href=\"https:\/\/pssplock.pl\/index.php\/2024\/12\/18\/spotkanie-wigilijne-kola-17-12-2024\/\">Spotkanie Wigilijne Ko\u0142a 17.12.2024<\/a> <span class=\"excerpt-dash\">-<\/span> <span class=\"excerpt\"><\/span><\/li><li class=\"listing-item\"><a class=\"image\" href=\"https:\/\/pssplock.pl\/index.php\/2024\/10\/17\/lazy-23-26-09-2024\/\"><img loading=\"lazy\" decoding=\"async\" width=\"525\" height=\"394\" src=\"https:\/\/pssplock.pl\/wp-content\/uploads\/2024\/10\/20240926_143143-1024x768.jpg\" class=\"attachment-large size-large wp-post-image\" alt=\"\" srcset=\"https:\/\/pssplock.pl\/wp-content\/uploads\/2024\/10\/20240926_143143-1024x768.jpg 1024w, https:\/\/pssplock.pl\/wp-content\/uploads\/2024\/10\/20240926_143143-300x225.jpg 300w, https:\/\/pssplock.pl\/wp-content\/uploads\/2024\/10\/20240926_143143-768x576.jpg 768w, https:\/\/pssplock.pl\/wp-content\/uploads\/2024\/10\/20240926_143143-1536x1152.jpg 1536w, https:\/\/pssplock.pl\/wp-content\/uploads\/2024\/10\/20240926_143143-2048x1536.jpg 2048w\" sizes=\"auto, 100vw\" \/><\/a> <a class=\"title\" href=\"https:\/\/pssplock.pl\/index.php\/2024\/10\/17\/lazy-23-26-09-2024\/\">\u0141azy 23-26.09.2024<\/a> <span class=\"excerpt-dash\">-<\/span> <span class=\"excerpt\"><\/span><\/li><li class=\"listing-item\"><a class=\"image\" href=\"https:\/\/pssplock.pl\/index.php\/2024\/10\/17\/9755\/\"><img loading=\"lazy\" decoding=\"async\" width=\"525\" height=\"394\" src=\"https:\/\/pssplock.pl\/wp-content\/uploads\/2024\/10\/20240914_104756-1024x768.jpg\" class=\"attachment-large size-large wp-post-image\" alt=\"\" srcset=\"https:\/\/pssplock.pl\/wp-content\/uploads\/2024\/10\/20240914_104756-1024x768.jpg 1024w, https:\/\/pssplock.pl\/wp-content\/uploads\/2024\/10\/20240914_104756-300x225.jpg 300w, https:\/\/pssplock.pl\/wp-content\/uploads\/2024\/10\/20240914_104756-768x576.jpg 768w, https:\/\/pssplock.pl\/wp-content\/uploads\/2024\/10\/20240914_104756-1536x1152.jpg 1536w, https:\/\/pssplock.pl\/wp-content\/uploads\/2024\/10\/20240914_104756-2048x1536.jpg 2048w\" sizes=\"auto, 100vw\" \/><\/a> <a class=\"title\" href=\"https:\/\/pssplock.pl\/index.php\/2024\/10\/17\/9755\/\">Skierniewice 14.09.2024<\/a> <span class=\"excerpt-dash\">-<\/span> <span class=\"excerpt\"><\/span><\/li><li class=\"listing-item\"><a class=\"image\" href=\"https:\/\/pssplock.pl\/index.php\/2024\/06\/05\/50-lat-kola-emerytow-i-rencistow-przy-pss-zgoda-w-plocku-17-05-2024-2\/\"><img loading=\"lazy\" decoding=\"async\" width=\"525\" height=\"350\" src=\"https:\/\/pssplock.pl\/wp-content\/uploads\/2024\/06\/a40-1024x683.jpg\" class=\"attachment-large size-large wp-post-image\" alt=\"\" srcset=\"https:\/\/pssplock.pl\/wp-content\/uploads\/2024\/06\/a40-1024x683.jpg 1024w, https:\/\/pssplock.pl\/wp-content\/uploads\/2024\/06\/a40-300x200.jpg 300w, https:\/\/pssplock.pl\/wp-content\/uploads\/2024\/06\/a40-768x512.jpg 768w, https:\/\/pssplock.pl\/wp-content\/uploads\/2024\/06\/a40-1536x1024.jpg 1536w, https:\/\/pssplock.pl\/wp-content\/uploads\/2024\/06\/a40-2048x1365.jpg 2048w\" sizes=\"auto, 100vw\" \/><\/a> <a class=\"title\" href=\"https:\/\/pssplock.pl\/index.php\/2024\/06\/05\/50-lat-kola-emerytow-i-rencistow-przy-pss-zgoda-w-plocku-17-05-2024-2\/\">50 lat Ko\u0142a Emeryt\u00f3w i Rencist\u00f3w przy PSS Zgoda w P\u0142ocku 17.05.2024<\/a> <span class=\"excerpt-dash\">-<\/span> <span class=\"excerpt\"><\/span><\/li><li class=\"listing-item\"><a class=\"image\" href=\"https:\/\/pssplock.pl\/index.php\/2024\/06\/05\/zakopane-27-30-04-2024\/\"><img loading=\"lazy\" decoding=\"async\" width=\"525\" height=\"394\" src=\"https:\/\/pssplock.pl\/wp-content\/uploads\/2024\/06\/20240428_165840-1024x768.jpg\" class=\"attachment-large size-large wp-post-image\" alt=\"\" srcset=\"https:\/\/pssplock.pl\/wp-content\/uploads\/2024\/06\/20240428_165840-1024x768.jpg 1024w, https:\/\/pssplock.pl\/wp-content\/uploads\/2024\/06\/20240428_165840-300x225.jpg 300w, https:\/\/pssplock.pl\/wp-content\/uploads\/2024\/06\/20240428_165840-768x576.jpg 768w, https:\/\/pssplock.pl\/wp-content\/uploads\/2024\/06\/20240428_165840-1536x1152.jpg 1536w, https:\/\/pssplock.pl\/wp-content\/uploads\/2024\/06\/20240428_165840-2048x1536.jpg 2048w\" sizes=\"auto, 100vw\" \/><\/a> <a class=\"title\" href=\"https:\/\/pssplock.pl\/index.php\/2024\/06\/05\/zakopane-27-30-04-2024\/\">Zakopane 27-30.04.2024<\/a> <span class=\"excerpt-dash\">-<\/span> <span class=\"excerpt\"><\/span><\/li><li class=\"listing-item\"><a class=\"image\" href=\"https:\/\/pssplock.pl\/index.php\/2023\/12\/10\/jarmark-bozonarodzeniowy-torun-9-i-10-12-2023\/\"><img loading=\"lazy\" decoding=\"async\" width=\"525\" height=\"394\" src=\"https:\/\/pssplock.pl\/wp-content\/uploads\/2023\/12\/jarmark-1024x768.jpeg\" class=\"attachment-large size-large wp-post-image\" alt=\"\" srcset=\"https:\/\/pssplock.pl\/wp-content\/uploads\/2023\/12\/jarmark-1024x768.jpeg 1024w, https:\/\/pssplock.pl\/wp-content\/uploads\/2023\/12\/jarmark-300x225.jpeg 300w, https:\/\/pssplock.pl\/wp-content\/uploads\/2023\/12\/jarmark-768x576.jpeg 768w, https:\/\/pssplock.pl\/wp-content\/uploads\/2023\/12\/jarmark-1536x1152.jpeg 1536w, https:\/\/pssplock.pl\/wp-content\/uploads\/2023\/12\/jarmark-2048x1536.jpeg 2048w\" sizes=\"auto, 100vw\" \/><\/a> <a class=\"title\" href=\"https:\/\/pssplock.pl\/index.php\/2023\/12\/10\/jarmark-bozonarodzeniowy-torun-9-i-10-12-2023\/\">Jarmark Bo\u017conarodzeniowy Toru\u0144 9 i 10.12.2023<\/a> <span class=\"excerpt-dash\">-<\/span> <span class=\"excerpt\"><\/span><\/li><li class=\"listing-item\"><a class=\"image\" href=\"https:\/\/pssplock.pl\/index.php\/2023\/10\/01\/wycieczka-naleczow-kazimierz-dolny-janowiec-pulawy-30-09-01-10-2023\/\"><img loading=\"lazy\" decoding=\"async\" width=\"525\" height=\"394\" src=\"https:\/\/pssplock.pl\/wp-content\/uploads\/2023\/10\/naleczow-1024x768.jpeg\" class=\"attachment-large size-large wp-post-image\" alt=\"\" srcset=\"https:\/\/pssplock.pl\/wp-content\/uploads\/2023\/10\/naleczow-1024x768.jpeg 1024w, https:\/\/pssplock.pl\/wp-content\/uploads\/2023\/10\/naleczow-300x225.jpeg 300w, https:\/\/pssplock.pl\/wp-content\/uploads\/2023\/10\/naleczow-768x576.jpeg 768w, https:\/\/pssplock.pl\/wp-content\/uploads\/2023\/10\/naleczow-1536x1152.jpeg 1536w, https:\/\/pssplock.pl\/wp-content\/uploads\/2023\/10\/naleczow.jpeg 2000w\" sizes=\"auto, 100vw\" \/><\/a> <a class=\"title\" href=\"https:\/\/pssplock.pl\/index.php\/2023\/10\/01\/wycieczka-naleczow-kazimierz-dolny-janowiec-pulawy-30-09-01-10-2023\/\">Wycieczka Na\u0142\u0119cz\u00f3w-Kazimierz Dolny-Janowiec-Pu\u0142awy 30.09-01.10.2023<\/a> <span class=\"excerpt-dash\">-<\/span> <span class=\"excerpt\"><\/span><\/li><li class=\"listing-item\"><a class=\"image\" href=\"https:\/\/pssplock.pl\/index.php\/2023\/06\/28\/wycieczka-do-suntago-28-06-2023\/\"><img loading=\"lazy\" decoding=\"async\" width=\"525\" height=\"324\" src=\"https:\/\/pssplock.pl\/wp-content\/uploads\/2023\/06\/suntago-1024x632.jpeg\" class=\"attachment-large size-large wp-post-image\" alt=\"\" srcset=\"https:\/\/pssplock.pl\/wp-content\/uploads\/2023\/06\/suntago-1024x632.jpeg 1024w, https:\/\/pssplock.pl\/wp-content\/uploads\/2023\/06\/suntago-300x185.jpeg 300w, https:\/\/pssplock.pl\/wp-content\/uploads\/2023\/06\/suntago-768x474.jpeg 768w, https:\/\/pssplock.pl\/wp-content\/uploads\/2023\/06\/suntago-1536x948.jpeg 1536w, https:\/\/pssplock.pl\/wp-content\/uploads\/2023\/06\/suntago.jpeg 2000w\" sizes=\"auto, 100vw\" \/><\/a> <a class=\"title\" href=\"https:\/\/pssplock.pl\/index.php\/2023\/06\/28\/wycieczka-do-suntago-28-06-2023\/\">Wycieczka do Suntago 28.06.2023<\/a> <span class=\"excerpt-dash\">-<\/span> <span class=\"excerpt\"><\/span><\/li><\/ul><br><\/p>\n\n\n\n<pre class=\"wp-block-code\"><code><\/code><\/pre>\n","protected":false},"excerpt":{"rendered":"<p>W imieniu Zarz\u0105du Ko\u0142a Emeryt\u00f3w Rencist\u00f3w i Inwalid\u00f3w przy PSS Zgoda w P\u0142ocku \u017cyczymy aby przez kolejne lata dzia\u0142alno\u015bci towarzyszy\u0142o nam wszystkim zdrowie i duma z pracy tych, kt\u00f3rzy poprzez swoj\u0105 postaw\u0119 i pasj\u0119 popularyzowali i popularyzuj\u0105 tradycj\u0119 i kultur\u0119 swojej ,,Ma\u0142ej Ojczyzny&#8221; Oddzia\u0142 Okr\u0119gowy Polskiego Zwi\u0105zku Emeryt\u00f3w Rencist\u00f3w i Inwalid\u00f3w w P\u0142ocku od pocz\u0105tku &hellip; <\/p>\n<p class=\"link-more\"><a href=\"https:\/\/pssplock.pl\/index.php\/2023\/06\/28\/wycieczka-do-suntago-28-06-2023\/\" class=\"more-link\">Czytaj dalej<span class=\"screen-reader-text\"> Wycieczka do Suntago 28.06.2023<\/span><\/a><\/p>\n","protected":false},"author":1,"featured_media":4471,"parent":0,"menu_order":0,"comment_status":"closed","ping_status":"closed","template":"","meta":{"footnotes":""},"class_list":["post-3958","page","type-page","status-publish","has-post-thumbnail","hentry"],"_links":{"self":[{"href":"https:\/\/pssplock.pl\/index.php\/wp-json\/wp\/v2\/pages\/3958","targetHints":{"allow":["GET"]}}],"collection":[{"href":"https:\/\/pssplock.pl\/index.php\/wp-json\/wp\/v2\/pages"}],"about":[{"href":"https:\/\/pssplock.pl\/index.php\/wp-json\/wp\/v2\/types\/page"}],"author":[{"embeddable":true,"href":"https:\/\/pssplock.pl\/index.php\/wp-json\/wp\/v2\/users\/1"}],"replies":[{"embeddable":true,"href":"https:\/\/pssplock.pl\/index.php\/wp-json\/wp\/v2\/comments?post=3958"}],"version-history":[{"count":172,"href":"https:\/\/pssplock.pl\/index.php\/wp-json\/wp\/v2\/pages\/3958\/revisions"}],"predecessor-version":[{"id":14547,"href":"https:\/\/pssplock.pl\/index.php\/wp-json\/wp\/v2\/pages\/3958\/revisions\/14547"}],"wp:featuredmedia":[{"embeddable":true,"href":"https:\/\/pssplock.pl\/index.php\/wp-json\/wp\/v2\/media\/4471"}],"wp:attachment":[{"href":"https:\/\/pssplock.pl\/index.php\/wp-json\/wp\/v2\/media?parent=3958"}],"curies":[{"name":"wp","href":"https:\/\/api.w.org\/{rel}","templated":true}]}}